{"id":1516,"date":"2022-03-24T10:04:38","date_gmt":"2022-03-24T14:04:38","guid":{"rendered":"https:\/\/tourabitibi.com\/?page_id=1516"},"modified":"2022-05-19T12:43:08","modified_gmt":"2022-05-19T16:43:08","slug":"a-proposito","status":"publish","type":"page","link":"https:\/\/tourabitibi.com\/es\/a-proposito\/","title":{"rendered":"A proposito"},"content":{"rendered":"<div class=\"fusion-fullwidth fullwidth-box fusion-builder-row-1 fusion-flex-container nonhundred-percent-fullwidth non-hundred-percent-height-scrolling\" style=\"--awb-border-radius-top-left:0px;--awb-border-radius-top-right:0px;--awb-border-radius-bottom-right:0px;--awb-border-radius-bottom-left:0px;--awb-padding-top:0px;--awb-margin-top:0px;--awb-background-color:#ffffff;--awb-flex-wrap:wrap;\" ><div class=\"fusion-builder-row fusion-row fusion-flex-align-items-flex-start fusion-flex-content-wrap\" style=\"max-width:1620.32px;margin-left: calc(-4% \/ 2 );margin-right: calc(-4% \/ 2 );\"><div class=\"fusion-layout-column fusion_builder_column fusion-builder-column-0 fusion_builder_column_2_3 2_3 fusion-flex-column\" style=\"--awb-bg-size:cover;--awb-width-large:66.666666666667%;--awb-margin-top-large:0px;--awb-spacing-right-large:2.88%;--awb-margin-bottom-large:20px;--awb-spacing-left-large:2.88%;--awb-width-medium:66.666666666667%;--awb-order-medium:0;--awb-spacing-right-medium:2.88%;--awb-spacing-left-medium:2.88%;--awb-width-small:100%;--awb-order-small:0;--awb-spacing-right-small:1.92%;--awb-spacing-left-small:1.92%;\"><div class=\"fusion-column-wrapper fusion-column-has-shadow fusion-flex-justify-content-flex-start fusion-content-layout-column\"><div class=\"fusion-text fusion-text-1\" style=\"--awb-text-transform:none;\"><p>Presentado sobre una semana, varias llegadas y salidas son previstas en diferentes lugares en regi\u00f3n con el fin de hacer vivir una experiencia inolvidable a los 180 ciclistas que participan en este carrera anualmente. Sancionada por la Uni\u00f3n Ciclista Internacional (UCI), el Tour de l\u2019Abitibi es el \u00fanico de los 8 competiciones en el circuito de la Copa J\u00fanior de las Naciones UCI a ser presentada aparte de America. En todo, son m\u00e1s de 25 equipos a trav\u00e9s del mundo que se re\u00fanen con la esperanza de completar las 7 etapas, para un total de 600 kil\u00f3metros en 6 d\u00edas.<\/p>\n<\/div><\/div><\/div><div class=\"fusion-layout-column fusion_builder_column fusion-builder-column-1 fusion_builder_column_1_3 1_3 fusion-flex-column\" style=\"--awb-bg-size:cover;--awb-width-large:33.333333333333%;--awb-margin-top-large:0px;--awb-spacing-right-large:5.76%;--awb-margin-bottom-large:20px;--awb-spacing-left-large:5.76%;--awb-width-medium:33.333333333333%;--awb-order-medium:0;--awb-spacing-right-medium:5.76%;--awb-spacing-left-medium:5.76%;--awb-width-small:100%;--awb-order-small:0;--awb-spacing-right-small:1.92%;--awb-spacing-left-small:1.92%;\"><div class=\"fusion-column-wrapper fusion-column-has-shadow fusion-flex-justify-content-flex-start fusion-content-layout-column\"><div class=\"fusion-image-element \" style=\"--awb-caption-title-font-family:var(--h2_typography-font-family);--awb-caption-title-font-weight:var(--h2_typography-font-weight);--awb-caption-title-font-style:var(--h2_typography-font-style);--awb-caption-title-size:var(--h2_typography-font-size);--awb-caption-title-transform:var(--h2_typography-text-transform);--awb-caption-title-line-height:var(--h2_typography-line-height);--awb-caption-title-letter-spacing:var(--h2_typography-letter-spacing);\"><span class=\" fusion-imageframe imageframe-none imageframe-1 hover-type-none\"><img decoding=\"async\" width=\"750\" height=\"500\" title=\"comite-organisateur-benevole-tour\" src=\"https:\/\/tourabitibi.com\/wp-content\/uploads\/2022\/04\/comite-organisateur-benevole-tour.jpg\" alt class=\"img-responsive wp-image-800\" srcset=\"https:\/\/tourabitibi.com\/wp-content\/uploads\/2022\/04\/comite-organisateur-benevole-tour-200x133.jpg 200w, https:\/\/tourabitibi.com\/wp-content\/uploads\/2022\/04\/comite-organisateur-benevole-tour-400x267.jpg 400w, https:\/\/tourabitibi.com\/wp-content\/uploads\/2022\/04\/comite-organisateur-benevole-tour-600x400.jpg 600w, https:\/\/tourabitibi.com\/wp-content\/uploads\/2022\/04\/comite-organisateur-benevole-tour.jpg 750w\" sizes=\"(max-width: 640px) 100vw, 600px\" \/><\/span><\/div><\/div><\/div><div class=\"fusion-layout-column fusion_builder_column fusion-builder-column-2 fusion_builder_column_1_1 1_1 fusion-flex-column\" style=\"--awb-bg-size:cover;--awb-width-large:100%;--awb-margin-top-large:0px;--awb-spacing-right-large:1.92%;--awb-margin-bottom-large:20px;--awb-spacing-left-large:1.92%;--awb-width-medium:100%;--awb-order-medium:0;--awb-spacing-right-medium:1.92%;--awb-spacing-left-medium:1.92%;--awb-width-small:100%;--awb-order-small:0;--awb-spacing-right-small:1.92%;--awb-spacing-left-small:1.92%;\"><div class=\"fusion-column-wrapper fusion-column-has-shadow fusion-flex-justify-content-flex-start fusion-content-layout-column\"><div class=\"fusion-title title fusion-title-1 fusion-sep-none fusion-title-text fusion-title-size-two\" style=\"--awb-margin-bottom:25px;\"><h2 class=\"fusion-title-heading title-heading-left fusion-responsive-typography-calculated\" style=\"margin:0;--fontSize:45;line-height:var(--awb-typography1-line-height);\">Organizaci\u00f2n<\/h2><\/div><\/div><\/div><div class=\"fusion-layout-column fusion_builder_column fusion-builder-column-3 fusion_builder_column_1_2 1_2 fusion-flex-column\" style=\"--awb-bg-size:cover;--awb-width-large:50%;--awb-margin-top-large:0px;--awb-spacing-right-large:3.84%;--awb-margin-bottom-large:20px;--awb-spacing-left-large:3.84%;--awb-width-medium:50%;--awb-order-medium:0;--awb-spacing-right-medium:3.84%;--awb-spacing-left-medium:3.84%;--awb-width-small:100%;--awb-order-small:0;--awb-spacing-right-small:1.92%;--awb-spacing-left-small:1.92%;\"><div class=\"fusion-column-wrapper fusion-column-has-shadow fusion-flex-justify-content-flex-start fusion-content-layout-column\"><div class=\"fusion-title title fusion-title-2 fusion-sep-none fusion-title-text fusion-title-size-three\" style=\"--awb-margin-bottom:25px;\"><h3 class=\"fusion-title-heading title-heading-left fusion-responsive-typography-calculated\" style=\"margin:0;--fontSize:36;line-height:var(--awb-typography1-line-height);\">Consejo de administraci\u00f3n<\/h3><\/div><div class=\"fusion-text fusion-text-2\" style=\"--awb-text-transform:none;\"><p>M\u00e9lanie Rocher, Presidente<br \/>\nChristine Beausoleil, Vice-presidente<br \/>\nJean-Francois Blais, Secretario<br \/>\nDaniel T\u00e9treault, Tresorero<br \/>\nBruno Gauthier, Administrador<br \/>\nSandra Ataman, Administrador<br \/>\nSuzanne Fortin, Administrador<br \/>\nMichael Bolduc, Administrador<br \/>\nGuillaume Barbes, Administrador<br \/>\nGuillaume Beaulieu, Representante de la ciudad de Rouyn-Noranda<br \/>\nMartin Rochette, Representante de la ciudad de Rouyn-Noranda<br \/>\nMartin Lavoie, Representante de la ciudad de Rouyn-Noranda<br \/>\nLuc Lavoie, Representante de la ciudad de Rouyn-Noranda<br \/>\nGhislain Doyon, Representante de la ciudad de Amos<br \/>\nAnnie Quenneville, Representante de la ciudad de Amos<\/p>\n<\/div><div class=\"fusion-title title fusion-title-3 fusion-sep-none fusion-title-text fusion-title-size-three\" style=\"--awb-margin-bottom:25px;\"><h3 class=\"fusion-title-heading title-heading-left fusion-responsive-typography-calculated\" style=\"margin:0;--fontSize:36;line-height:var(--awb-typography1-line-height);\">Permanencia<\/h3><\/div><div class=\"fusion-text fusion-text-3\" style=\"--awb-text-transform:none;\"><p>\u00c9milie Bisson, oficial de enlace<\/p>\n<\/div><\/div><\/div><div class=\"fusion-layout-column fusion_builder_column fusion-builder-column-4 fusion_builder_column_1_2 1_2 fusion-flex-column\" style=\"--awb-bg-size:cover;--awb-width-large:50%;--awb-margin-top-large:0px;--awb-spacing-right-large:3.84%;--awb-margin-bottom-large:20px;--awb-spacing-left-large:3.84%;--awb-width-medium:50%;--awb-order-medium:0;--awb-spacing-right-medium:3.84%;--awb-spacing-left-medium:3.84%;--awb-width-small:100%;--awb-order-small:0;--awb-spacing-right-small:1.92%;--awb-spacing-left-small:1.92%;\"><div class=\"fusion-column-wrapper fusion-column-has-shadow fusion-flex-justify-content-flex-start fusion-content-layout-column\"><div class=\"fusion-title title fusion-title-4 fusion-sep-none fusion-title-text fusion-title-size-three\" style=\"--awb-margin-bottom:25px;\"><h3 class=\"fusion-title-heading title-heading-left fusion-responsive-typography-calculated\" style=\"margin:0;--fontSize:36;line-height:var(--awb-typography1-line-height);\">Nuestro comit\u00e9 organizador<\/h3><\/div><div class=\"fusion-text fusion-text-4\" style=\"--awb-text-transform:none;\"><p><strong>T\u00e9cnico<\/strong>\u2009: Bruno Gauthier y Olivier Grondin<br \/>\n<strong>Alojamiento<\/strong>\u2009: Clo\u00e9 Paradis y Guillaume Barb\u00e8s<br \/>\n<strong>Recepci\u00f2n <\/strong>: Guylaine Marcoux y Clo\u00e9 Paradis<br \/>\n<strong>Acreditaci\u00f2n<\/strong>\u00a0: Robert Chevalier<br \/>\n<strong>Protocolo\u2009<\/strong>: M\u00e9lanie Rocher<br \/>\n<strong>Seguridad<\/strong>\u2009: Pierre Auger<br \/>\n<strong>Voluntarios :<\/strong>\u00a0Kim Hurtubise<br \/>\n<strong>Oficiales de SQ<\/strong>\u2009: Claude Barette y Fernand Poirier<br \/>\n<strong>M\u00e9dico\u2009<\/strong>: Marie-Claude Abourousse y No\u00e9my Bellemare<br \/>\n<strong>Transporte<\/strong>\u2009: Alain Courchesne, Christian Villeneuve y Anne Beaulieu<br \/>\n<strong>Motos<\/strong>\u2009: Mario Major<br \/>\n<strong>VIP<\/strong>\u2009: Carl Bergeron<br \/>\n<strong>Equipo e instalaci\u00f2n<\/strong>\u2009: Martin Rochette, Jacques Lamonde y Andr\u00e9 Morin<br \/>\n<strong>Cuidad of Rouyn-Noranda<\/strong> : Martin Rochette, Luc Lacroix, Denis Larivi\u00e8re y G\u00e9rard P\u00e2quet<br \/>\n<strong>Tour de la Rel\u00e8ve<\/strong> : Jean-Fran\u00e7ois Blais y Guillaume Barb\u00e8s<br \/>\n<strong>Administraci\u00f2n central<\/strong>\u00a0: Claude Tellier, C\u00e9gep de l\u2019Abitibi-T\u00e9miscamingue, Campus de Rouyn-Noranda<br \/>\n<strong>Comunicaciones y periodismo l\u2019\u00c9chapp\u00e9e<\/strong> : Anne-Marie Nadeau y Normand Gosselin<\/p>\n<\/div><\/div><\/div><\/div><\/div>\n","protected":false},"excerpt":{"rendered":"","protected":false},"author":1,"featured_media":889,"parent":0,"menu_order":0,"comment_status":"closed","ping_status":"closed","template":"100-width.php","meta":{"footnotes":""},"class_list":["post-1516","page","type-page","status-publish","has-post-thumbnail","hentry"],"yoast_head":"<!-- This site is optimized with the Yoast SEO plugin v26.3 - https:\/\/yoast.com\/wordpress\/plugins\/seo\/ -->\n<title>A proposito - Tour de l&#039;Abitibi<\/title>\n<meta name=\"robots\" content=\"index, follow, max-snippet:-1, max-image-preview:large, max-video-preview:-1\" \/>\n<link rel=\"canonical\" href=\"https:\/\/tourabitibi.com\/es\/a-proposito\/\" \/>\n<meta property=\"og:locale\" content=\"es_ES\" \/>\n<meta property=\"og:type\" content=\"article\" \/>\n<meta property=\"og:title\" content=\"A proposito - Tour de l&#039;Abitibi\" \/>\n<meta property=\"og:url\" content=\"https:\/\/tourabitibi.com\/es\/a-proposito\/\" \/>\n<meta property=\"og:site_name\" content=\"Tour de l&#039;Abitibi\" \/>\n<meta property=\"article:modified_time\" content=\"2022-05-19T16:43:08+00:00\" \/>\n<meta property=\"og:image\" content=\"https:\/\/tourabitibi.com\/wp-content\/uploads\/2022\/04\/PTB-citoyens-abitibi-tour-velo-cyclisme.webp\" \/>\n\t<meta property=\"og:image:width\" content=\"1920\" \/>\n\t<meta property=\"og:image:height\" content=\"498\" \/>\n\t<meta property=\"og:image:type\" content=\"image\/webp\" \/>\n<meta name=\"twitter:card\" content=\"summary_large_image\" \/>\n<meta name=\"twitter:label1\" content=\"Tiempo de lectura\" \/>\n\t<meta name=\"twitter:data1\" content=\"6 minutos\" \/>\n<script type=\"application\/ld+json\" class=\"yoast-schema-graph\">{\"@context\":\"https:\/\/schema.org\",\"@graph\":[{\"@type\":\"WebPage\",\"@id\":\"https:\/\/tourabitibi.com\/es\/a-proposito\/\",\"url\":\"https:\/\/tourabitibi.com\/es\/a-proposito\/\",\"name\":\"A proposito - Tour de l&#039;Abitibi\",\"isPartOf\":{\"@id\":\"https:\/\/tourabitibi.com\/es\/#website\"},\"primaryImageOfPage\":{\"@id\":\"https:\/\/tourabitibi.com\/es\/a-proposito\/#primaryimage\"},\"image\":{\"@id\":\"https:\/\/tourabitibi.com\/es\/a-proposito\/#primaryimage\"},\"thumbnailUrl\":\"https:\/\/tourabitibi.com\/wp-content\/uploads\/2022\/04\/PTB-citoyens-abitibi-tour-velo-cyclisme.webp\",\"datePublished\":\"2022-03-24T14:04:38+00:00\",\"dateModified\":\"2022-05-19T16:43:08+00:00\",\"breadcrumb\":{\"@id\":\"https:\/\/tourabitibi.com\/es\/a-proposito\/#breadcrumb\"},\"inLanguage\":\"es\",\"potentialAction\":[{\"@type\":\"ReadAction\",\"target\":[\"https:\/\/tourabitibi.com\/es\/a-proposito\/\"]}]},{\"@type\":\"ImageObject\",\"inLanguage\":\"es\",\"@id\":\"https:\/\/tourabitibi.com\/es\/a-proposito\/#primaryimage\",\"url\":\"https:\/\/tourabitibi.com\/wp-content\/uploads\/2022\/04\/PTB-citoyens-abitibi-tour-velo-cyclisme.webp\",\"contentUrl\":\"https:\/\/tourabitibi.com\/wp-content\/uploads\/2022\/04\/PTB-citoyens-abitibi-tour-velo-cyclisme.webp\",\"width\":1920,\"height\":498},{\"@type\":\"BreadcrumbList\",\"@id\":\"https:\/\/tourabitibi.com\/es\/a-proposito\/#breadcrumb\",\"itemListElement\":[{\"@type\":\"ListItem\",\"position\":1,\"name\":\"Home\",\"item\":\"https:\/\/tourabitibi.com\/es\/\"},{\"@type\":\"ListItem\",\"position\":2,\"name\":\"A proposito\"}]},{\"@type\":\"WebSite\",\"@id\":\"https:\/\/tourabitibi.com\/es\/#website\",\"url\":\"https:\/\/tourabitibi.com\/es\/\",\"name\":\"Tour de l&#039;Abitibi\",\"description\":\"Tour de l&#039;Abitibi\",\"potentialAction\":[{\"@type\":\"SearchAction\",\"target\":{\"@type\":\"EntryPoint\",\"urlTemplate\":\"https:\/\/tourabitibi.com\/es\/?s={search_term_string}\"},\"query-input\":{\"@type\":\"PropertyValueSpecification\",\"valueRequired\":true,\"valueName\":\"search_term_string\"}}],\"inLanguage\":\"es\"}]}<\/script>\n<!-- \/ Yoast SEO plugin. -->","yoast_head_json":{"title":"A proposito - Tour de l&#039;Abitibi","robots":{"index":"index","follow":"follow","max-snippet":"max-snippet:-1","max-image-preview":"max-image-preview:large","max-video-preview":"max-video-preview:-1"},"canonical":"https:\/\/tourabitibi.com\/es\/a-proposito\/","og_locale":"es_ES","og_type":"article","og_title":"A proposito - Tour de l&#039;Abitibi","og_url":"https:\/\/tourabitibi.com\/es\/a-proposito\/","og_site_name":"Tour de l&#039;Abitibi","article_modified_time":"2022-05-19T16:43:08+00:00","og_image":[{"width":1920,"height":498,"url":"https:\/\/tourabitibi.com\/wp-content\/uploads\/2022\/04\/PTB-citoyens-abitibi-tour-velo-cyclisme.webp","type":"image\/webp"}],"twitter_card":"summary_large_image","twitter_misc":{"Tiempo de lectura":"6 minutos"},"schema":{"@context":"https:\/\/schema.org","@graph":[{"@type":"WebPage","@id":"https:\/\/tourabitibi.com\/es\/a-proposito\/","url":"https:\/\/tourabitibi.com\/es\/a-proposito\/","name":"A proposito - Tour de l&#039;Abitibi","isPartOf":{"@id":"https:\/\/tourabitibi.com\/es\/#website"},"primaryImageOfPage":{"@id":"https:\/\/tourabitibi.com\/es\/a-proposito\/#primaryimage"},"image":{"@id":"https:\/\/tourabitibi.com\/es\/a-proposito\/#primaryimage"},"thumbnailUrl":"https:\/\/tourabitibi.com\/wp-content\/uploads\/2022\/04\/PTB-citoyens-abitibi-tour-velo-cyclisme.webp","datePublished":"2022-03-24T14:04:38+00:00","dateModified":"2022-05-19T16:43:08+00:00","breadcrumb":{"@id":"https:\/\/tourabitibi.com\/es\/a-proposito\/#breadcrumb"},"inLanguage":"es","potentialAction":[{"@type":"ReadAction","target":["https:\/\/tourabitibi.com\/es\/a-proposito\/"]}]},{"@type":"ImageObject","inLanguage":"es","@id":"https:\/\/tourabitibi.com\/es\/a-proposito\/#primaryimage","url":"https:\/\/tourabitibi.com\/wp-content\/uploads\/2022\/04\/PTB-citoyens-abitibi-tour-velo-cyclisme.webp","contentUrl":"https:\/\/tourabitibi.com\/wp-content\/uploads\/2022\/04\/PTB-citoyens-abitibi-tour-velo-cyclisme.webp","width":1920,"height":498},{"@type":"BreadcrumbList","@id":"https:\/\/tourabitibi.com\/es\/a-proposito\/#breadcrumb","itemListElement":[{"@type":"ListItem","position":1,"name":"Home","item":"https:\/\/tourabitibi.com\/es\/"},{"@type":"ListItem","position":2,"name":"A proposito"}]},{"@type":"WebSite","@id":"https:\/\/tourabitibi.com\/es\/#website","url":"https:\/\/tourabitibi.com\/es\/","name":"Tour de l&#039;Abitibi","description":"Tour de l&#039;Abitibi","potentialAction":[{"@type":"SearchAction","target":{"@type":"EntryPoint","urlTemplate":"https:\/\/tourabitibi.com\/es\/?s={search_term_string}"},"query-input":{"@type":"PropertyValueSpecification","valueRequired":true,"valueName":"search_term_string"}}],"inLanguage":"es"}]}},"jetpack_sharing_enabled":true,"_links":{"self":[{"href":"https:\/\/tourabitibi.com\/es\/wp-json\/wp\/v2\/pages\/1516","targetHints":{"allow":["GET"]}}],"collection":[{"href":"https:\/\/tourabitibi.com\/es\/wp-json\/wp\/v2\/pages"}],"about":[{"href":"https:\/\/tourabitibi.com\/es\/wp-json\/wp\/v2\/types\/page"}],"author":[{"embeddable":true,"href":"https:\/\/tourabitibi.com\/es\/wp-json\/wp\/v2\/users\/1"}],"replies":[{"embeddable":true,"href":"https:\/\/tourabitibi.com\/es\/wp-json\/wp\/v2\/comments?post=1516"}],"version-history":[{"count":0,"href":"https:\/\/tourabitibi.com\/es\/wp-json\/wp\/v2\/pages\/1516\/revisions"}],"wp:featuredmedia":[{"embeddable":true,"href":"https:\/\/tourabitibi.com\/es\/wp-json\/wp\/v2\/media\/889"}],"wp:attachment":[{"href":"https:\/\/tourabitibi.com\/es\/wp-json\/wp\/v2\/media?parent=1516"}],"curies":[{"name":"wp","href":"https:\/\/api.w.org\/{rel}","templated":true}]}}